{"id":3936,"date":"2024-06-19T15:23:08","date_gmt":"2024-06-19T13:23:08","guid":{"rendered":"https:\/\/fondation-sommer.lu\/projects\/"},"modified":"2024-06-19T15:23:08","modified_gmt":"2024-06-19T13:23:08","slug":"projects","status":"publish","type":"page","link":"https:\/\/staging.fondation-sommer.lu\/en\/projects\/","title":{"rendered":"Projects"},"content":{"rendered":"<div class=\"wpb-content-wrapper\"><p>[vc_row full_width=&#8221;stretch_row_content_no_spaces&#8221;][vc_column]    <div class=\"container\">\r\n\r\n        <div class=\"row\">\r\n\t\t\t                <div class=\"col-sm-4 pull-right p-0\">\r\n\t\t\t\t\t                    <span><img decoding=\"async\" class=\"parallax-image project-image\" alt=\"fondation-sommer-luxembourg-residence-artiste-milieu-scolaire-ane-erezue-poesie-du-papier\"\r\n                               style=\"margin-right: -10px;\" src=\"https:\/\/staging.fondation-sommer.lu\/wp-content\/uploads\/2026\/08\/fondation-sommer-luxembourg-residence-artiste-milieu-scolaire-ane-erezue-poesie-du-papier.jpg\">\r\n            <span style=\"margin-right: -10px;\" class=\"img-copyright\"><\/span><\/span><\/div>\r\n                <div class=\"col-sm-8\">\r\n                    <div class='list-item pl-logo'>\r\n                        <div class=\"project-title\">\r\n                            <h2 class=\"\">La Po\u00e9sie du Papier<\/h2>\r\n                        <\/div>\r\n                        <div class=\"project-year\">2025-2026<\/div>\r\n\t\t\t\t\t\t                            <div><p>RAMS at Primary School Am Sand by Ane Er\u00e9zu\u00e9<\/p>\n<p>Co-creation Residency<\/p>\n<\/div>\r\n                            <div>\r\n                                <a href=\"https:\/\/staging.fondation-sommer.lu\/en\/projects\/la-poesie-du-papier\/\">Read More<\/a>\r\n                            <\/div>\r\n\t\t\t\t\t\t                    <\/div>\r\n                <\/div>\r\n\t\t\t                <div class=\"col-sm-4 pull-right p-0\">\r\n\t\t\t\t\t                    <span><img decoding=\"async\" class=\"parallax-image project-image\" alt=\"corps in situ\"\r\n                               style=\"margin-right: -10px;\" src=\"https:\/\/staging.fondation-sommer.lu\/wp-content\/uploads\/2025\/10\/corps-in-situ.jpg\">\r\n            <span style=\"margin-right: -10px;\" class=\"img-copyright\"><\/span><\/span><\/div>\r\n                <div class=\"col-sm-8\">\r\n                    <div class='list-item pl-logo'>\r\n                        <div class=\"project-title\">\r\n                            <h2 class=\"\">Macadam<\/h2>\r\n                        <\/div>\r\n                        <div class=\"project-year\">2025-2026<\/div>\r\n\t\t\t\t\t\t                            <div><p>RAMS at Lyc\u00e9e Bel-Val by Jennifer Gohier \/ Cie Corps in Situ<\/p>\n<p>Choreographic Research Residency<\/p>\n<\/div>\r\n                            <div>\r\n                                <a href=\"https:\/\/staging.fondation-sommer.lu\/en\/projects\/macadam\/\">Read More<\/a>\r\n                            <\/div>\r\n\t\t\t\t\t\t                    <\/div>\r\n                <\/div>\r\n\t\t\t                <div class=\"col-sm-4 pull-right p-0\">\r\n\t\t\t\t\t                    <span><img decoding=\"async\" class=\"parallax-image project-image\" alt=\"murmures\"\r\n                               style=\"margin-right: -10px;\" src=\"https:\/\/staging.fondation-sommer.lu\/wp-content\/uploads\/2025\/10\/murmures.jpg\">\r\n            <span style=\"margin-right: -10px;\" class=\"img-copyright\"><\/span><\/span><\/div>\r\n                <div class=\"col-sm-8\">\r\n                    <div class='list-item pl-logo'>\r\n                        <div class=\"project-title\">\r\n                            <h2 class=\"\">Murmures<\/h2>\r\n                        <\/div>\r\n                        <div class=\"project-year\">2025-2026<\/div>\r\n\t\t\t\t\t\t                            <div><div>\n<p>RAMS at the L\u00ebnster Lyc\u00e9e International School by Z-Art<\/p>\n<p>Research Residency<\/p>\n<\/div>\n<\/div>\r\n                            <div>\r\n                                <a href=\"https:\/\/staging.fondation-sommer.lu\/en\/projects\/murmures\/\">Read More<\/a>\r\n                            <\/div>\r\n\t\t\t\t\t\t                    <\/div>\r\n                <\/div>\r\n\t\t\t                <div class=\"col-sm-4 pull-right p-0\">\r\n\t\t\t\t\t                    <span><img decoding=\"async\" class=\"parallax-image project-image\" alt=\"fondation-sommer-luxembourg-residence-artiste-milieu-scolaire-bombyx-keng-meck-kee-schockela\"\r\n                               style=\"margin-right: -10px;\" src=\"https:\/\/staging.fondation-sommer.lu\/wp-content\/uploads\/2025\/10\/fondation-sommer-luxembourg-residence-artiste-milieu-scolaire-bombyx-keng-meck-kee-schockela.jpg\">\r\n            <span style=\"margin-right: -10px;\" class=\"img-copyright\"><\/span><\/span><\/div>\r\n                <div class=\"col-sm-8\">\r\n                    <div class='list-item pl-logo'>\r\n                        <div class=\"project-title\">\r\n                            <h2 class=\"\">Keng M\u00e9ck, Kee Schockela!<\/h2>\r\n                        <\/div>\r\n                        <div class=\"project-year\">2025-2026<\/div>\r\n\t\t\t\t\t\t                            <div><div class=\"project-title\">\n<p>RAMS at the Primary School Gaston Diderich, Belair by Bombyx Collectif<\/p>\n<p>Research Residency<\/p>\n<\/div>\n<\/div>\r\n                            <div>\r\n                                <a href=\"https:\/\/staging.fondation-sommer.lu\/en\/projects\/keng-meck-kee-schockela\/\">Read More<\/a>\r\n                            <\/div>\r\n\t\t\t\t\t\t                    <\/div>\r\n                <\/div>\r\n\t\t\t                <div class=\"col-sm-4 pull-right p-0\">\r\n\t\t\t\t\t                    <span><img decoding=\"async\" class=\"parallax-image project-image\" alt=\"que tun\"\r\n                               style=\"margin-right: -10px;\" src=\"https:\/\/staging.fondation-sommer.lu\/wp-content\/uploads\/2025\/10\/que-tun-.jpg\">\r\n            <span style=\"margin-right: -10px;\" class=\"img-copyright\"><\/span><\/span><\/div>\r\n                <div class=\"col-sm-8\">\r\n                    <div class='list-item pl-logo'>\r\n                        <div class=\"project-title\">\r\n                            <h2 class=\"\">Que Tun?<\/h2>\r\n                        <\/div>\r\n                        <div class=\"project-year\">2025-2026<\/div>\r\n\t\t\t\t\t\t                            <div><div>RAMS at the Primary School Lallenger Schoul, Esch-sur-Alzette by Interdisciplinary Company Kopla Bunz<\/div>\n<div><\/div>\n<div>Creative Residency<\/div>\n<\/div>\r\n                            <div>\r\n                                <a href=\"https:\/\/staging.fondation-sommer.lu\/en\/projects\/que-tun\/\">Read More<\/a>\r\n                            <\/div>\r\n\t\t\t\t\t\t                    <\/div>\r\n                <\/div>\r\n\t\t\t                <div class=\"col-sm-4 pull-right p-0\">\r\n\t\t\t\t\t                    <span><img decoding=\"async\" class=\"parallax-image project-image\" alt=\"fondation-sommer-luxembourg-residence-artiste-milieu-scolaire-artemysia-theatre-hypatia\"\r\n                               style=\"margin-right: -10px;\" src=\"https:\/\/staging.fondation-sommer.lu\/wp-content\/uploads\/2025\/10\/fondation-sommer-luxembourg-residence-artiste-milieu-scolaire-artemysia-theatre-hypatia.jpg\">\r\n            <span style=\"margin-right: -10px;\" class=\"img-copyright\"><\/span><\/span><\/div>\r\n                <div class=\"col-sm-8\">\r\n                    <div class='list-item pl-logo'>\r\n                        <div class=\"project-title\">\r\n                            <h2 class=\"\">Hypatia the Highest Note<\/h2>\r\n                        <\/div>\r\n                        <div class=\"project-year\">2025-2026<\/div>\r\n\t\t\t\t\t\t                            <div><p>RAMS at Lyc\u00e9e Aline Mayrisch Luxembourg by <span lang=\"FR\">Artemysia Th\u00e9\u00e2tre Company<\/span><\/p>\n<p>Research Residency<\/p>\n<\/div>\r\n                            <div>\r\n                                <a href=\"https:\/\/staging.fondation-sommer.lu\/en\/projects\/hypatia-the-highest-note\/\">Read More<\/a>\r\n                            <\/div>\r\n\t\t\t\t\t\t                    <\/div>\r\n                <\/div>\r\n\t\t\t                <div class=\"col-sm-4 pull-right p-0\">\r\n\t\t\t\t\t                    <span><img decoding=\"async\" class=\"parallax-image project-image\" alt=\"Capture d\u2019\u00e9cran 2024-07-09 \u00e0 10.43.39\"\r\n                               style=\"margin-right: -10px;\" src=\"https:\/\/staging.fondation-sommer.lu\/wp-content\/uploads\/2024\/07\/Capture-decran-2024-07-09-a-10.43.39.jpg\">\r\n            <span style=\"margin-right: -10px;\" class=\"img-copyright\"><\/span><\/span><\/div>\r\n                <div class=\"col-sm-8\">\r\n                    <div class='list-item pl-logo'>\r\n                        <div class=\"project-title\">\r\n                            <h2 class=\"\">The Birth of a Clown<\/h2>\r\n                        <\/div>\r\n                        <div class=\"project-year\">2024-2025<\/div>\r\n\t\t\t\t\t\t                            <div><p>School-Based Artist Residencyby Jo Del Toe.<\/p>\n<\/div>\r\n                            <div>\r\n                                <a href=\"https:\/\/staging.fondation-sommer.lu\/en\/projects\/the-birth-of-a-clown\/\">Read More<\/a>\r\n                            <\/div>\r\n\t\t\t\t\t\t                    <\/div>\r\n                <\/div>\r\n\t\t\t                <div class=\"col-sm-4 pull-right p-0\">\r\n\t\t\t\t\t                    <span><img decoding=\"async\" class=\"parallax-image project-image\" alt=\"Capture d\u2019\u00e9cran 2024-07-09 \u00e0 13.42.40\"\r\n                               style=\"margin-right: -10px;\" src=\"https:\/\/staging.fondation-sommer.lu\/wp-content\/uploads\/2024\/07\/Capture-decran-2024-07-09-a-13.42.40.jpg\">\r\n            <span style=\"margin-right: -10px;\" class=\"img-copyright\"><\/span><\/span><\/div>\r\n                <div class=\"col-sm-8\">\r\n                    <div class='list-item pl-logo'>\r\n                        <div class=\"project-title\">\r\n                            <h2 class=\"\">Tu n'es pas seul(e) \/ You are not alone<\/h2>\r\n                        <\/div>\r\n                        <div class=\"project-year\">2024-2025<\/div>\r\n\t\t\t\t\t\t                            <div><p>School-Based Artist Residency by Lilian Mombach.<\/p>\n<p>\u00a0<\/p>\n<\/div>\r\n                            <div>\r\n                                <a href=\"https:\/\/staging.fondation-sommer.lu\/en\/projects\/tu-nes-pas-seule-you-are-not-alone\/\">Read More<\/a>\r\n                            <\/div>\r\n\t\t\t\t\t\t                    <\/div>\r\n                <\/div>\r\n\t\t\t                <div class=\"col-sm-4 pull-right p-0\">\r\n\t\t\t\t\t                    <span><img decoding=\"async\" class=\"parallax-image project-image\" alt=\"Image\"\r\n                               style=\"margin-right: -10px;\" src=\"https:\/\/staging.fondation-sommer.lu\/wp-content\/uploads\/2024\/07\/Image.jpeg\">\r\n            <span style=\"margin-right: -10px;\" class=\"img-copyright\"><\/span><\/span><\/div>\r\n                <div class=\"col-sm-8\">\r\n                    <div class='list-item pl-logo'>\r\n                        <div class=\"project-title\">\r\n                            <h2 class=\"\">La danse calligraphi\u00e9e de l'alphabet<\/h2>\r\n                        <\/div>\r\n                        <div class=\"project-year\">2024-2025<\/div>\r\n\t\t\t\t\t\t                            <div><blockquote><p>RAMS \u00e0 l&#8217;\u00e9cole fondamentale Am Weier, \u00c4renzdall.<\/p>\n<p>R\u00e9sidence de recherche par la Cie JUCAM<\/p><\/blockquote>\n<\/div>\r\n                            <div>\r\n                                <a href=\"https:\/\/staging.fondation-sommer.lu\/en\/projects\/la-danse-calygraphiee-de-laphabet\/\">Read More<\/a>\r\n                            <\/div>\r\n\t\t\t\t\t\t                    <\/div>\r\n                <\/div>\r\n\t\t\t                <div class=\"col-sm-4 pull-right p-0\">\r\n\t\t\t\t\t                    <span><img decoding=\"async\" class=\"parallax-image project-image\" alt=\"\"\r\n                               style=\"margin-right: -10px;\" src=\"https:\/\/staging.fondation-sommer.lu\/wp-content\/uploads\/2024\/07\/PHOTO-scaled-e1720430341946.jpg\">\r\n            <span style=\"margin-right: -10px;\" class=\"img-copyright\"><\/span><\/span><\/div>\r\n                <div class=\"col-sm-8\">\r\n                    <div class='list-item pl-logo'>\r\n                        <div class=\"project-title\">\r\n                            <h2 class=\"\">Du Pain et des Jeux<\/h2>\r\n                        <\/div>\r\n                        <div class=\"project-year\">2024-2025<\/div>\r\n\t\t\t\t\t\t                            <div><p>It is through the theme of football that the Eddi van Tsui Company aims to unite the students and guide them through the various stages of creating a multidisciplinary performance.<\/p>\n<\/div>\r\n                            <div>\r\n                                <a href=\"https:\/\/staging.fondation-sommer.lu\/en\/projects\/du-pain-et-des-jeux\/\">Read More<\/a>\r\n                            <\/div>\r\n\t\t\t\t\t\t                    <\/div>\r\n                <\/div>\r\n\t\t\t\r\n        <\/div>\r\n\r\n        <div class=\"archive row p-0\">\r\n            <div class=\"col-sm-4 pull-right head\">\r\n\r\n                <h2>Archive<\/h2>\r\n                <a class=\"load-more\" href=\"#\">Load more <img decoding=\"async\"\r\n                            style=\"width: auto;\" alt=\"arrow\"\r\n                            src=\"https:\/\/staging.fondation-sommer.lu\/wp-content\/themes\/wp-bootstrap-starter-child-master\/assets\/img\/arrow-yellow.svg\"><\/a>\r\n\r\n            <\/div>\r\n            <div class=\"col-sm-8\">\r\n\r\n            <\/div>\r\n\r\n        <\/div>\r\n\r\n    <\/div>\r\n\r\n    <div class=\"container ajax\">\r\n        <div class=\"row results\"><\/div>\r\n\r\n        <div>\r\n            <a style=\"display: none;\" class=\"load-more\" href=\"#\">Load more                <img decoding=\"async\" alt=\"arrow\" src=\"https:\/\/staging.fondation-sommer.lu\/wp-content\/themes\/wp-bootstrap-starter-child-master\/assets\/img\/arrow-yellow.svg\"><\/a>\r\n        <\/div>\r\n    <\/div>\r\n\r\n    <!--container-->\r\n\r\n    <script>\r\n        \/\/Global JQuery Objects\r\n        let $results = jQuery('.results');\r\n        let $loadMore = jQuery('.ajax .load-more');\r\n\r\n        \/\/Global Variables\r\n        let limit = 5; \/\/Infinite Scroll Load Per Request\r\n        let category = '27';\r\n        let offset = 11;\r\n        let noMoreProjects = false;\r\n        let loadingInProgress = false;\r\n        let readMoreText = 'Read More';\r\n        let showExcerpt = 'true';\r\n        let taxQueryArgs = {}\r\n\r\n        function loadProjects() {\r\n\r\n            if (category !== '') {\r\n                taxQueryArgs = {\r\n                    taxonomy: 'project_category',\r\n                    field: 'term_id',\r\n                    terms: category,\r\n                }\r\n            }\r\n\r\n            if (noMoreProjects) return;\r\n\r\n            if (!loadingInProgress) {\r\n\r\n                loadingInProgress = true;\r\n\r\n                let promise = cc_performPostRequest({\r\n                    postType: 'projects',\r\n                    count: limit,\r\n                    offset: offset,\r\n                    wantExcerpt: true,\r\n                    wantCustomFields: ['project_startyear', 'date_range', 'excerpt'],\r\n                    wantPostThumbnail: 'full',\r\n                    taxQuery: taxQueryArgs,\r\n                    wantPostThumbnailAlt: true,\r\n                    successCB: function (result) {\r\n\r\n                        if (result.data !== undefined && result.data.length !== 0) {\r\n\r\n                            let template_path = _theme_directory + '\/includes\/fondation\/projects\/templates\/';\r\n                            let item = '';\r\n\r\n                            jQuery.Mustache.load(template_path + 'project_0_01.html').done(function () {\r\n\r\n                                jQuery.each(result.data, function (key, obj) {\r\n\r\n                                    obj.theme_directory = _theme_directory;\r\n                                    obj.readMoreText = readMoreText;\r\n                                    item = jQuery.Mustache.render('project-item', obj);\r\n\r\n                                    $results.append(item);\r\n\r\n                                });\/\/each item\r\n\r\n                            });\/\/mustache\r\n\r\n\r\n                        } else {\r\n                            cc_debug(\"Now what?\")\r\n                            return null;\r\n                        }\r\n                    }\r\n                });\r\n\r\n                promise.success(function (data) {\r\n                    if (!data || offset + limit >= data.additionalData.total) {\r\n                        noMoreProjects = true;\r\n                        $loadMore.hide();\r\n                    } else {\r\n                        offset += limit;\r\n                        $loadMore.show();\r\n                    }\r\n\r\n                    loadingInProgress = false;\r\n                });\r\n            }\r\n        }\r\n\r\n        jQuery(document).ready(function () {\r\n\r\n            jQuery('.head a.load-more').on('click', function (e) {\r\n                e.preventDefault();\r\n                jQuery(this).remove();\r\n                loadProjects();\r\n            });\r\n\r\n\r\n            jQuery('.ajax a.load-more').on('click', function (e) {\r\n                e.preventDefault();\r\n                loadProjects();\r\n            });\r\n        });\r\n    <\/script>\r\n\t[\/vc_column][\/vc_row]<\/p>\n<\/div>","protected":false},"excerpt":{"rendered":"<p>[vc_row full_width=&#8221;stretch_row_content_no_spaces&#8221;][vc_column][\/vc_column][\/vc_row]<\/p>\n","protected":false},"author":1,"featured_media":0,"parent":0,"menu_order":0,"comment_status":"closed","ping_status":"closed","template":"","meta":{"_acf_changed":false,"footnotes":""},"class_list":["post-3936","page","type-page","status-publish","hentry"],"acf":[],"_links":{"self":[{"href":"https:\/\/staging.fondation-sommer.lu\/en\/wp-json\/wp\/v2\/pages\/3936","targetHints":{"allow":["GET"]}}],"collection":[{"href":"https:\/\/staging.fondation-sommer.lu\/en\/wp-json\/wp\/v2\/pages"}],"about":[{"href":"https:\/\/staging.fondation-sommer.lu\/en\/wp-json\/wp\/v2\/types\/page"}],"author":[{"embeddable":true,"href":"https:\/\/staging.fondation-sommer.lu\/en\/wp-json\/wp\/v2\/users\/1"}],"replies":[{"embeddable":true,"href":"https:\/\/staging.fondation-sommer.lu\/en\/wp-json\/wp\/v2\/comments?post=3936"}],"version-history":[{"count":1,"href":"https:\/\/staging.fondation-sommer.lu\/en\/wp-json\/wp\/v2\/pages\/3936\/revisions"}],"predecessor-version":[{"id":3937,"href":"https:\/\/staging.fondation-sommer.lu\/en\/wp-json\/wp\/v2\/pages\/3936\/revisions\/3937"}],"wp:attachment":[{"href":"https:\/\/staging.fondation-sommer.lu\/en\/wp-json\/wp\/v2\/media?parent=3936"}],"curies":[{"name":"wp","href":"https:\/\/api.w.org\/{rel}","templated":true}]}}